{"id":61,"date":"2019-11-13T19:27:16","date_gmt":"2019-11-13T18:27:16","guid":{"rendered":"https:\/\/www.rosadefuego.ch\/?page_id=61"},"modified":"2025-04-13T23:36:10","modified_gmt":"2025-04-13T21:36:10","slug":"biografia","status":"publish","type":"page","link":"https:\/\/www.rosadefuego.ch\/?page_id=61","title":{"rendered":"Vanessa Nicola"},"content":{"rendered":"\t\t<div data-elementor-type=\"wp-page\" data-elementor-id=\"61\" class=\"elementor elementor-61\">\n\t\t\t\t\t\t<section class=\"elementor-section elementor-top-section elementor-element elementor-element-7f09a10 elementor-section-boxed elementor-section-height-default elementor-section-height-default\" data-id=\"7f09a10\" data-element_type=\"section\">\n\t\t\t\t\t\t<div class=\"elementor-container elementor-column-gap-default\">\n\t\t\t\t\t<div class=\"elementor-column elementor-col-100 elementor-top-column elementor-element elementor-element-c528213\" data-id=\"c528213\" data-element_type=\"column\">\n\t\t\t<div class=\"elementor-widget-wrap\">\n\t\t\t\t\t\t\t<\/div>\n\t\t<\/div>\n\t\t\t\t\t<\/div>\n\t\t<\/section>\n\t\t\t\t<section class=\"elementor-section elementor-top-section elementor-element elementor-element-6ef0708d elementor-section-boxed elementor-section-height-default elementor-section-height-default\" data-id=\"6ef0708d\" data-element_type=\"section\">\n\t\t\t\t\t\t<div class=\"elementor-container elementor-column-gap-default\">\n\t\t\t\t\t<div class=\"elementor-column elementor-col-100 elementor-top-column elementor-element elementor-element-43ab4c89\" data-id=\"43ab4c89\" data-element_type=\"column\">\n\t\t\t<div class=\"elementor-widget-wrap elementor-element-populated\">\n\t\t\t\t\t\t<div class=\"elementor-element elementor-element-01671d4 elementor-widget elementor-widget-testimonial\" data-id=\"01671d4\" data-element_type=\"widget\" data-widget_type=\"testimonial.default\">\n\t\t\t\t<div class=\"elementor-widget-container\">\n\t\t\t\t\t\t\t<div class=\"elementor-testimonial-wrapper\">\n\t\t\t\n\t\t\t\t\t\t<div class=\"elementor-testimonial-meta elementor-has-image elementor-testimonial-image-position-aside\">\n\t\t\t\t<div class=\"elementor-testimonial-meta-inner\">\n\t\t\t\t\t\t\t\t\t\t\t<div class=\"elementor-testimonial-image\">\n\t\t\t\t\t\t\t<a href=\"http:\/\/www.rosadefuego.ch\/wp-content\/uploads\/2024\/05\/cantone-gr.png\"><img decoding=\"async\" width=\"150\" height=\"150\" src=\"https:\/\/www.rosadefuego.ch\/wp-content\/uploads\/2025\/04\/Wappen_Graubuenden_2021__w_1600__h_0-150x150.jpg\" class=\"attachment-thumbnail size-thumbnail wp-image-4141\" alt=\"\" srcset=\"https:\/\/www.rosadefuego.ch\/wp-content\/uploads\/2025\/04\/Wappen_Graubuenden_2021__w_1600__h_0-150x150.jpg 150w, https:\/\/www.rosadefuego.ch\/wp-content\/uploads\/2025\/04\/Wappen_Graubuenden_2021__w_1600__h_0-585x585.jpg 585w, https:\/\/www.rosadefuego.ch\/wp-content\/uploads\/2025\/04\/Wappen_Graubuenden_2021__w_1600__h_0-1170x1170.jpg 1170w, https:\/\/www.rosadefuego.ch\/wp-content\/uploads\/2025\/04\/Wappen_Graubuenden_2021__w_1600__h_0-570x570.jpg 570w\" sizes=\"(max-width: 150px) 100vw, 150px\" \/><\/a>\t\t\t\t\t\t<\/div>\n\t\t\t\t\t\n\t\t\t\t\t\t\t\t\t\t<div class=\"elementor-testimonial-details\">\n\t\t\t\t\t\t\t\t\t\t\t\t\t\t<a class=\"elementor-testimonial-name\" href=\"http:\/\/www.rosadefuego.ch\/wp-content\/uploads\/2024\/05\/cantone-gr.png\">https:\/\/www.gr.ch\/<\/a>\n\t\t\t\t\t\t\t\t\t\t\t\t\t\t\t\t\t\t\t\t\t\t<a class=\"elementor-testimonial-job\" href=\"http:\/\/www.rosadefuego.ch\/wp-content\/uploads\/2024\/05\/cantone-gr.png\"><h1 id=\"ctl00_headingPageTitle\" style=\"font-size: 1.5rem;font-style: normal\"> Premio per la cultura (2017)<\/h1><\/a>\n\t\t\t\t\t\t\t\t\t\t\t\t\t<\/div>\n\t\t\t\t\t\t\t\t\t<\/div>\n\t\t\t<\/div>\n\t\t\t\t\t<\/div>\n\t\t\t\t\t\t<\/div>\n\t\t\t\t<\/div>\n\t\t\t\t<section class=\"elementor-section elementor-inner-section elementor-element elementor-element-86c2bde elementor-section-boxed elementor-section-height-default elementor-section-height-default\" data-id=\"86c2bde\" data-element_type=\"section\">\n\t\t\t\t\t\t<div class=\"elementor-container elementor-column-gap-default\">\n\t\t\t\t\t<div class=\"elementor-column elementor-col-100 elementor-inner-column elementor-element elementor-element-9cc7bbc\" data-id=\"9cc7bbc\" data-element_type=\"column\">\n\t\t\t<div class=\"elementor-widget-wrap elementor-element-populated\">\n\t\t\t\t\t\t<div class=\"elementor-element elementor-element-a30489b elementor-widget elementor-widget-image-gallery\" data-id=\"a30489b\" data-element_type=\"widget\" data-widget_type=\"image-gallery.default\">\n\t\t\t\t<div class=\"elementor-widget-container\">\n\t\t\t\t\t\t\t<div class=\"elementor-image-gallery\">\n\t\t\t\n\t\t<style type=\"text\/css\">\n\t\t\t#gallery-1 {\n\t\t\t\tmargin: auto;\n\t\t\t}\n\t\t\t#gallery-1 .gallery-item {\n\t\t\t\tfloat: left;\n\t\t\t\tmargin-top: 10px;\n\t\t\t\ttext-align: center;\n\t\t\t\twidth: 33%;\n\t\t\t}\n\t\t\t#gallery-1 img {\n\t\t\t\tborder: 2px solid #cfcfcf;\n\t\t\t}\n\t\t\t#gallery-1 .gallery-caption {\n\t\t\t\tmargin-left: 0;\n\t\t\t}\n\t\t\t\/* see gallery_shortcode() in wp-includes\/media.php *\/\n\t\t<\/style>\n\t\t<div id='gallery-1' class='gallery galleryid-61 gallery-columns-3 gallery-size-medium'><dl class='gallery-item'>\n\t\t\t<dt class='gallery-icon landscape'>\n\t\t\t\t<a data-elementor-open-lightbox=\"yes\" data-elementor-lightbox-slideshow=\"a30489b\" data-elementor-lightbox-title=\"1\" data-e-action-hash=\"#elementor-action%3Aaction%3Dlightbox%26settings%3DeyJpZCI6MzMwMSwidXJsIjoiaHR0cHM6XC9cL3d3dy5yb3NhZGVmdWVnby5jaFwvd3AtY29udGVudFwvdXBsb2Fkc1wvMjAyMlwvMDJcLzEucG5nIiwic2xpZGVzaG93IjoiYTMwNDg5YiJ9\" href='https:\/\/www.rosadefuego.ch\/wp-content\/uploads\/2022\/02\/1.png'><img fetchpriority=\"high\" decoding=\"async\" width=\"300\" height=\"300\" src=\"https:\/\/www.rosadefuego.ch\/wp-content\/uploads\/2022\/02\/1-300x300.png\" class=\"attachment-medium size-medium\" alt=\"\" srcset=\"https:\/\/www.rosadefuego.ch\/wp-content\/uploads\/2022\/02\/1-300x300.png 300w, https:\/\/www.rosadefuego.ch\/wp-content\/uploads\/2022\/02\/1-150x150.png 150w, https:\/\/www.rosadefuego.ch\/wp-content\/uploads\/2022\/02\/1-160x160.png 160w, https:\/\/www.rosadefuego.ch\/wp-content\/uploads\/2022\/02\/1.png 547w\" sizes=\"(max-width: 300px) 100vw, 300px\" \/><\/a>\n\t\t\t<\/dt><\/dl><dl class='gallery-item'>\n\t\t\t<dt class='gallery-icon landscape'>\n\t\t\t\t<a data-elementor-open-lightbox=\"yes\" data-elementor-lightbox-slideshow=\"a30489b\" data-elementor-lightbox-title=\"3\" data-e-action-hash=\"#elementor-action%3Aaction%3Dlightbox%26settings%3DeyJpZCI6MzMwMywidXJsIjoiaHR0cHM6XC9cL3d3dy5yb3NhZGVmdWVnby5jaFwvd3AtY29udGVudFwvdXBsb2Fkc1wvMjAyMlwvMDJcLzMucG5nIiwic2xpZGVzaG93IjoiYTMwNDg5YiJ9\" href='https:\/\/www.rosadefuego.ch\/wp-content\/uploads\/2022\/02\/3.png'><img decoding=\"async\" width=\"300\" height=\"300\" src=\"https:\/\/www.rosadefuego.ch\/wp-content\/uploads\/2022\/02\/3-300x300.png\" class=\"attachment-medium size-medium\" alt=\"\" srcset=\"https:\/\/www.rosadefuego.ch\/wp-content\/uploads\/2022\/02\/3-300x300.png 300w, https:\/\/www.rosadefuego.ch\/wp-content\/uploads\/2022\/02\/3-150x150.png 150w, https:\/\/www.rosadefuego.ch\/wp-content\/uploads\/2022\/02\/3-160x160.png 160w, https:\/\/www.rosadefuego.ch\/wp-content\/uploads\/2022\/02\/3.png 547w\" sizes=\"(max-width: 300px) 100vw, 300px\" \/><\/a>\n\t\t\t<\/dt><\/dl><dl class='gallery-item'>\n\t\t\t<dt class='gallery-icon landscape'>\n\t\t\t\t<a data-elementor-open-lightbox=\"yes\" data-elementor-lightbox-slideshow=\"a30489b\" data-elementor-lightbox-title=\"2\" data-e-action-hash=\"#elementor-action%3Aaction%3Dlightbox%26settings%3DeyJpZCI6MzMwMiwidXJsIjoiaHR0cHM6XC9cL3d3dy5yb3NhZGVmdWVnby5jaFwvd3AtY29udGVudFwvdXBsb2Fkc1wvMjAyMlwvMDJcLzItZTE2NjY2NDEzNjQ1MDYucG5nIiwic2xpZGVzaG93IjoiYTMwNDg5YiJ9\" href='https:\/\/www.rosadefuego.ch\/wp-content\/uploads\/2022\/02\/2-e1666641364506.png'><img loading=\"lazy\" decoding=\"async\" width=\"300\" height=\"300\" src=\"https:\/\/www.rosadefuego.ch\/wp-content\/uploads\/2022\/02\/2-e1666641364506-300x300.png\" class=\"attachment-medium size-medium\" alt=\"\" srcset=\"https:\/\/www.rosadefuego.ch\/wp-content\/uploads\/2022\/02\/2-e1666641364506-300x300.png 300w, https:\/\/www.rosadefuego.ch\/wp-content\/uploads\/2022\/02\/2-e1666641364506-150x150.png 150w, https:\/\/www.rosadefuego.ch\/wp-content\/uploads\/2022\/02\/2-e1666641364506-160x160.png 160w, https:\/\/www.rosadefuego.ch\/wp-content\/uploads\/2022\/02\/2-e1666641364506.png 547w\" sizes=\"(max-width: 300px) 100vw, 300px\" \/><\/a>\n\t\t\t<\/dt><\/dl><br style=\"clear: both\" \/>\n\t\t<\/div>\n\t\t<\/div>\n\t\t\t\t\t\t<\/div>\n\t\t\t\t<\/div>\n\t\t\t\t<div class=\"elementor-element elementor-element-ba375af elementor-widget elementor-widget-heading\" data-id=\"ba375af\" data-element_type=\"widget\" data-widget_type=\"heading.default\">\n\t\t\t\t<div class=\"elementor-widget-container\">\n\t\t\t\t\t<h2 class=\"elementor-heading-title elementor-size-default\"><b>Vanessa Nicola<\/b><br>La formazione BASE<\/h2>\t\t\t\t<\/div>\n\t\t\t\t<\/div>\n\t\t\t\t\t<\/div>\n\t\t<\/div>\n\t\t\t\t\t<\/div>\n\t\t<\/section>\n\t\t\t\t<div class=\"elementor-element elementor-element-b189d1d elementor-widget elementor-widget-text-editor\" data-id=\"b189d1d\" data-element_type=\"widget\" data-widget_type=\"text-editor.default\">\n\t\t\t\t<div class=\"elementor-widget-container\">\n\t\t\t\t\t\t\t\t\t<p>La passione non basta: la danza non \u00e8 solo creativit\u00e0,<br \/>richiede disciplina, lavoro, controllo, allenamento. Vanessa ottiene il diploma della \u201cZ\u00fcrich Tanz -Theater-Schule\u201d (Moving Factory di Zurigo). Una scuola molto esigente dove ha imparato la tecnica di base della danza lavorando molto intensamente giorno per giorno. Un lavoro sul corpo \u2013 per acquisire forza,\u00a0elasticit\u00e0, mobilit\u00e0, velocit\u00e0, equilibrio, coordinamento, controllo \u2013 ma anche sulla mente, per rafforzare la concentrazione, l\u2019autocontrollo e la capacit\u00e0 di reazione agli stimoli. Nel suo percorso formativo \u2013 comprendente danza classica, danza contemporanea, jazz, tip-tap e flamenco \u2013 Vanessa Nicola ha\u00a0potuto naturalmente curare e sviluppare l\u2019espressione artistica, che rappresenta la dimensione pi\u00f9 personale e intima della ballerina.\u00a0<span style=\"font-variant-ligatures: normal; font-variant-caps: normal; caret-color: #666666;\"><span style=\"padding: 0cm; border: 1pt none windowtext;\">Nel 1998 parte per la Spagna, a Jerez de la Frontera, dove per due anni si dedica esclusivamente a perfezionare l\u2019arte del flamenco, con maestri di grande esperienza e di grande\u00a0fama:\u00a0<\/span><span style=\"font-variant-ligatures: normal; font-variant-caps: normal;\">Juan Parra, Bel\u00e8n Maya, Maria Juncal, Javier Latorre, Pilar Ogalla, Andres Pe\u00f1a, Anjel Atienza, Juan Paredes, Patricia Iba\u00f1ez Romero, La Truco, Carmen Iglesias, Isabel Amaya, Olga Pericet,\u00a0Mercedes Ruiz, Manuela Carpio, Eduardo Guerrero, La Lupi<\/span><span style=\"font-variant-ligatures: normal; font-variant-caps: normal;\">,\u00a0<\/span><span style=\"font-variant-ligatures: normal; font-variant-caps: normal;\">Chiqui\u00a0de Jerez, Raffaella Carrasco, Alejandro Granados, Milagros Menjibar<\/span><span style=\"font-variant-ligatures: normal; font-variant-caps: normal;\">\u00a0<\/span><span style=\"font-variant-ligatures: normal; font-variant-caps: normal;\">ecc\u2026<\/span><\/span><\/p><p style=\"font-variant-ligatures: normal; font-variant-caps: normal;\">La tappa spagnola rappresenta per Vanessa Nicola un\u2019esperienza professionale determinante, ma soprattutto un\u2019esperienza di vita di straordinaria intensit\u00e0.<br \/>Vivere e condividere la quotidianit\u00e0 di un popolo e di un luogo \u2013 Jerez de la Frontiera \u2013 dove il flamenco si fonde e si confonde nell\u2019aria che si respira, significa aprirsi e rendere possibile quella contaminazione culturale, artistica e spirituale necessaria per cogliere l\u2019essenza stessa del Flamenco.<\/p><p>\u00a0<\/p><p style=\"font-variant-ligatures: normal; font-variant-caps: normal;\"><span style=\"font-variant-ligatures: normal; font-variant-caps: normal; caret-color: #666666;\"><span style=\"padding: 0cm; border: 1pt none windowtext;\">La formazione di base \u00e8 naturalmente arricchita da corsi e stage di perfezionamento che Vanessa Nicola segue regolarmente per coltivare la propria passione, ma anche per acquisire\u00a0nuovi stimoli didattici\u00a0<\/span>come per esempio il Festival del Flamenco a Jerez, dove oltre ai corsi con grandi maestri come Javier Latorre, Andres Pe\u00f1a, Maria Juncal, Patricia Iba\u00f1ez ecc\u2026 si impregna di flamenco notte e\u00a0\u00a0giorno con grandi spettacoli in teatro, pe\u00f1as, bodegas e anche calleros (per strada) dove gli artisti si esibiscono continuamente con grande passione.<\/span><\/p><p>Come dice Vanessa: il flamenco non \u00e8 solo una grande e magnifica arte,\u00a0 ma \u00e8 una maniera diversa di \u201cVita\u201d, ricca di grandi emozioni che solo in questa terra cos\u00ec speciale si pu\u00f2 vivere.\u00a0<span style=\"color: var( --e-global-color-text );\">Partecipa anche da diversi anni alla settimana FLATT \u00a0\u201cFlamenco Tour Tarifa\u201d dove oltre a seguire corsi di baile, cajon e palmas si esibisce in vari palchi e bar di Tarifa.<\/span><\/p><p>Durante il festival flamenco di Jerez, nel marzo 2020, Vanessa viene a conoscenza del Flamenco Body Form, nato a Jerez e creato dal grande bailaor Domingo Ortega.<\/p><p>\u00a0<\/p><p>Grazie a questa nuova formazione,\u00a0 ora propone corsi in presenza e online anche di Body Form dove tutti possono partecipare, ballerini e non. Vedi voce BODYFORM.<\/p>\t\t\t\t\t\t\t\t<\/div>\n\t\t\t\t<\/div>\n\t\t\t\t<div class=\"elementor-element elementor-element-1f64f6e2 elementor-widget__width-inherit elementor-hidden-tablet elementor-hidden-mobile elementor-widget elementor-widget-text-editor\" data-id=\"1f64f6e2\" data-element_type=\"widget\" data-widget_type=\"text-editor.default\">\n\t\t\t\t<div class=\"elementor-widget-container\">\n\t\t\t\t\t\t\t\t\t<ul><li>\u00a0<\/li><\/ul><p style=\"box-sizing: inherit; margin: 1rem; font-variant-ligatures: normal; font-variant-caps: normal; caret-color: #666666;\">\u00a0<\/p>\t\t\t\t\t\t\t\t<\/div>\n\t\t\t\t<\/div>\n\t\t\t\t<div class=\"elementor-element elementor-element-586046c elementor-widget elementor-widget-image\" data-id=\"586046c\" data-element_type=\"widget\" data-widget_type=\"image.default\">\n\t\t\t\t<div class=\"elementor-widget-container\">\n\t\t\t\t\t\t\t\t\t\t\t\t\t\t\t<img loading=\"lazy\" decoding=\"async\" width=\"1472\" height=\"439\" src=\"https:\/\/www.rosadefuego.ch\/wp-content\/uploads\/2022\/02\/1a.png\" class=\"attachment-2048x2048 size-2048x2048 wp-image-3399\" alt=\"\" srcset=\"https:\/\/www.rosadefuego.ch\/wp-content\/uploads\/2022\/02\/1a.png 1472w, https:\/\/www.rosadefuego.ch\/wp-content\/uploads\/2022\/02\/1a-300x89.png 300w, https:\/\/www.rosadefuego.ch\/wp-content\/uploads\/2022\/02\/1a-1024x305.png 1024w, https:\/\/www.rosadefuego.ch\/wp-content\/uploads\/2022\/02\/1a-768x229.png 768w, https:\/\/www.rosadefuego.ch\/wp-content\/uploads\/2022\/02\/1a-600x179.png 600w, https:\/\/www.rosadefuego.ch\/wp-content\/uploads\/2022\/02\/1a-280x84.png 280w\" sizes=\"(max-width: 1472px) 100vw, 1472px\" \/>\t\t\t\t\t\t\t\t\t\t\t\t\t\t\t<\/div>\n\t\t\t\t<\/div>\n\t\t\t\t<div class=\"elementor-element elementor-element-4b144b7 elementor-widget elementor-widget-heading\" data-id=\"4b144b7\" data-element_type=\"widget\" data-widget_type=\"heading.default\">\n\t\t\t\t<div class=\"elementor-widget-container\">\n\t\t\t\t\t<h2 class=\"elementor-heading-title elementor-size-default\"><h2 data-elementor-setting-key=\"title\" data-pen-placeholder=\"Digita qui...\" style=\"font-style: normal;font-weight: var( --e-global-typography-primary-font-weight );font-family: var( --e-global-typography-primary-font-family ), Sans-serif\"><span style=\"font-style: normal;font-weight: var( --e-global-typography-primary-font-weight );font-size: 30px;font-family: var( --e-global-typography-primary-font-family ), Sans-serif;color: var( --e-global-color-primary )\">La Scuola Rosa de Fuego<\/span><\/h2><\/h2>\t\t\t\t<\/div>\n\t\t\t\t<\/div>\n\t\t\t\t<div class=\"elementor-element elementor-element-c40ee73 elementor-widget elementor-widget-text-editor\" data-id=\"c40ee73\" data-element_type=\"widget\" data-widget_type=\"text-editor.default\">\n\t\t\t\t<div class=\"elementor-widget-container\">\n\t\t\t\t\t\t\t\t\t<p class=\"MsoNormal\">Dal 2000 Vanessa Nicola dirige in Ticino la propria scuola di flamenco \u201cRosa de Fuego\u201d, che offre corsi di diversi livelli e stage di perfezionamento. Imparare a ballare il Flamenco implica un percorso di apprendimento lungo che richiede passione, impegno, costanza e tanta pazienza. Il ballo Flamenco \u00e8 un buon modo per conoscere meglio il proprio corpo e i propri limiti, per lavorare sulla postura e il coordinamento, per appropriarsi del ritmo e del proprio respiro, per rafforzare il baricentro e l\u2019equilibrio.<span style=\"padding: 0cm; border: 1pt none windowtext;\"> Gli strumenti acquisiti attraverso la formazione accademica di base e gli stimoli accumulati attraverso i momenti di perfezionamento, si traducono concretamente anche nell\u2019approccio didattico di Vanessa Nicola. Grazie alla sua sensibilit\u00e0 e alla sua esperienza, nell\u2019insegnamento cerca sempre di trovare un equilibrio tra la rigorosa cura di ogni singolo movimento e il piacere di lasciare ad ogni allievo la possibilit\u00e0 di esprimersi liberamente per abituarsi alle sonorit\u00e0 e ai colori del Flamenco.<\/span><span style=\"font-variant-ligatures: normal; font-variant-caps: normal; color: var( --e-global-color-text ); caret-color: #666666;\"> Il flamenco, infatti, richiede ascolto e studio. Trasmettere questa cultura implica la capacit\u00e0 di sapere adeguare il tipo di insegnamento alla classe che si ha di fronte, senza venir meno ai fondamenti del Flamenco. Per promuovere e fare conoscere il Flamenco, la scuola \u201cRosa de Fuego\u201d organizza regolarmente anche degli spettacoli, costruiti in modo molto attento e filologico, nel pieno rispetto di una tradizione molto complessa.<\/span><span style=\"font-variant-ligatures: normal; font-variant-caps: normal; color: var( --e-global-color-text ); caret-color: #666666;\"> Il ballo flamenco implica la padronanza del linguaggio del corpo, fatto di pochi segni convenzionali e di molta capacit\u00e0 individuale di trasmettere emozioni. La difficolt\u00e0 di esecuzione consiste soprattutto nel controllo della postura e nell\u2019isolare i movimenti.<\/span><span style=\"font-variant-ligatures: normal; font-variant-caps: normal; color: var( --e-global-color-text ); caret-color: #666666;\"> Uno degli strumenti principali del Flamenco inteso come danza, sono i piedi. Da soli, o accompagnati da una chitarra, danno corpo ad una musica molto speciale: con il loro incessante battere \u2013 a tratti frenetico, a tratti calmo e melodico e poi di nuovo rapido e deciso \u2013 i piedi generano una partitura musicale unica nel suo genere, dove il ritmo diventa il cuore di tutto. Ma l\u2019anima del Flamenco \u00e8 il canto che, al pari del \u201cbaile\u201d (ballo), comprende diverse forme, tra cui \u201cel cante jondo\u201d (profondo), un canto intenso e tragico, che pare un lamento che parte dalla parte pi\u00f9 profonda dell\u2019anima. &nbsp;Nel ballo flamenco, nato come rappresentazione individuale di uno stato d\u2019animo, entra naturalmente in gioco anche il movimento di mani, braccia, fianchi, senza dimenticare lo sguardo.<\/span><\/p>\n<p class=\"MsoNormal\"><span style=\"padding: 0cm; border: 1pt none windowtext;\">&nbsp;<\/span><\/p>\n<p class=\"MsoNormal\">Dopo gi\u00e0 alla fine del primo anno di apprendimento, Vanessa fa vivere ai propri alunni, la straordinaria e unica esperienza di vivere il palcoscenico. Infatti, la scuola \u201cRosa de Fuego\u201d \u00e8 famosa per proporre spettacoli non indifferenti su palchi come il Kursal di Locarno, con persone di ogni livello che apprendono una lezione a settimana.<\/p>\n<p><\/p>\n<p class=\"MsoNormal\">Vedi voce GALLERIA foto e video di alcuni spettacoli.<\/p>\t\t\t\t\t\t\t\t<\/div>\n\t\t\t\t<\/div>\n\t\t\t\t<div class=\"elementor-element elementor-element-e2f521d elementor-widget elementor-widget-image\" data-id=\"e2f521d\" data-element_type=\"widget\" data-widget_type=\"image.default\">\n\t\t\t\t<div class=\"elementor-widget-container\">\n\t\t\t\t\t\t\t\t\t\t\t\t\t\t\t<img loading=\"lazy\" decoding=\"async\" width=\"1472\" height=\"439\" src=\"https:\/\/www.rosadefuego.ch\/wp-content\/uploads\/2022\/02\/2a.png\" class=\"attachment-2048x2048 size-2048x2048 wp-image-3400\" alt=\"\" srcset=\"https:\/\/www.rosadefuego.ch\/wp-content\/uploads\/2022\/02\/2a.png 1472w, https:\/\/www.rosadefuego.ch\/wp-content\/uploads\/2022\/02\/2a-300x89.png 300w, https:\/\/www.rosadefuego.ch\/wp-content\/uploads\/2022\/02\/2a-1024x305.png 1024w, https:\/\/www.rosadefuego.ch\/wp-content\/uploads\/2022\/02\/2a-768x229.png 768w, https:\/\/www.rosadefuego.ch\/wp-content\/uploads\/2022\/02\/2a-600x179.png 600w, https:\/\/www.rosadefuego.ch\/wp-content\/uploads\/2022\/02\/2a-280x84.png 280w\" sizes=\"(max-width: 1472px) 100vw, 1472px\" \/>\t\t\t\t\t\t\t\t\t\t\t\t\t\t\t<\/div>\n\t\t\t\t<\/div>\n\t\t\t\t\t<\/div>\n\t\t<\/div>\n\t\t\t\t\t<\/div>\n\t\t<\/section>\n\t\t\t\t<section class=\"elementor-section elementor-top-section elementor-element elementor-element-74c2328 elementor-section-boxed elementor-section-height-default elementor-section-height-default\" data-id=\"74c2328\" data-element_type=\"section\">\n\t\t\t\t\t\t<div class=\"elementor-container elementor-column-gap-default\">\n\t\t\t\t\t<div class=\"elementor-column elementor-col-100 elementor-top-column elementor-element elementor-element-2379eb1\" data-id=\"2379eb1\" data-element_type=\"column\">\n\t\t\t<div class=\"elementor-widget-wrap elementor-element-populated\">\n\t\t\t\t\t\t<div class=\"elementor-element elementor-element-aa914fb elementor-widget elementor-widget-heading\" data-id=\"aa914fb\" data-element_type=\"widget\" data-widget_type=\"heading.default\">\n\t\t\t\t<div class=\"elementor-widget-container\">\n\t\t\t\t\t<h2 class=\"elementor-heading-title elementor-size-default\">Aggiungi qui il testo dell\u2019intestazione<\/h2>\t\t\t\t<\/div>\n\t\t\t\t<\/div>\n\t\t\t\t\t<\/div>\n\t\t<\/div>\n\t\t\t\t\t<\/div>\n\t\t<\/section>\n\t\t\t\t<\/div>\n\t\t","protected":false},"excerpt":{"rendered":"<p>https:\/\/www.gr.ch\/ Premio per la cultura (2017) Vanessa NicolaLa formazione BASE La passione non basta: la danza non \u00e8 solo creativit\u00e0,richiede disciplina, lavoro, controllo, allenamento. Vanessa ottiene il diploma della \u201cZ\u00fcrich Tanz -Theater-Schule\u201d (Moving Factory di Zurigo). Una scuola molto esigente dove ha imparato la tecnica di base della danza lavorando molto intensamente giorno per giorno. [&hellip;]<\/p>\n","protected":false},"author":1,"featured_media":0,"parent":0,"menu_order":0,"comment_status":"closed","ping_status":"closed","template":"","meta":{"ngg_post_thumbnail":0,"footnotes":""},"class_list":["post-61","page","type-page","status-publish","hentry"],"_links":{"self":[{"href":"https:\/\/www.rosadefuego.ch\/index.php?rest_route=\/wp\/v2\/pages\/61","targetHints":{"allow":["GET"]}}],"collection":[{"href":"https:\/\/www.rosadefuego.ch\/index.php?rest_route=\/wp\/v2\/pages"}],"about":[{"href":"https:\/\/www.rosadefuego.ch\/index.php?rest_route=\/wp\/v2\/types\/page"}],"author":[{"embeddable":true,"href":"https:\/\/www.rosadefuego.ch\/index.php?rest_route=\/wp\/v2\/users\/1"}],"replies":[{"embeddable":true,"href":"https:\/\/www.rosadefuego.ch\/index.php?rest_route=%2Fwp%2Fv2%2Fcomments&post=61"}],"version-history":[{"count":150,"href":"https:\/\/www.rosadefuego.ch\/index.php?rest_route=\/wp\/v2\/pages\/61\/revisions"}],"predecessor-version":[{"id":4173,"href":"https:\/\/www.rosadefuego.ch\/index.php?rest_route=\/wp\/v2\/pages\/61\/revisions\/4173"}],"wp:attachment":[{"href":"https:\/\/www.rosadefuego.ch\/index.php?rest_route=%2Fwp%2Fv2%2Fmedia&parent=61"}],"curies":[{"name":"wp","href":"https:\/\/api.w.org\/{rel}","templated":true}]}}